{"id":7135,"date":"2024-05-24T10:28:53","date_gmt":"2024-05-24T10:28:53","guid":{"rendered":"https:\/\/primer-impacto.com\/?page_id=7135"},"modified":"2026-01-19T01:03:31","modified_gmt":"2026-01-19T01:03:31","slug":"politicas-de-empresa","status":"publish","type":"page","link":"https:\/\/primer-impacto.com\/cat\/politicas-de-empresa\/","title":{"rendered":"Pol\u00edticas de empresa"},"content":{"rendered":"<div data-elementor-type=\"wp-page\" data-elementor-id=\"7135\" class=\"elementor elementor-7135\" data-elementor-post-type=\"page\">\n\t\t\t\t\t\t<section class=\"elementor-section elementor-top-section elementor-element elementor-element-6ecbdb1 elementor-section-boxed elementor-section-height-default elementor-section-height-default\" data-id=\"6ecbdb1\" data-element_type=\"section\" data-e-type=\"section\" data-settings=\"{&quot;background_background&quot;:&quot;classic&quot;}\">\n\t\t\t\t\t\t\t<div class=\"elementor-background-overlay\"><\/div>\n\t\t\t\t\t\t\t<div class=\"elementor-container elementor-column-gap-default\">\n\t\t\t\t\t<div class=\"elementor-column elementor-col-100 elementor-top-column elementor-element elementor-element-a6ff170\" data-id=\"a6ff170\" data-element_type=\"column\" data-e-type=\"column\">\n\t\t\t<div class=\"elementor-widget-wrap elementor-element-populated\">\n\t\t\t\t\t\t<div class=\"elementor-element elementor-element-3cd4cfe elementor-widget elementor-widget-heading\" data-id=\"3cd4cfe\" data-element_type=\"widget\" data-e-type=\"widget\" data-widget_type=\"heading.default\">\n\t\t\t\t<div class=\"elementor-widget-container\">\n\t\t\t\t\t<h2 class=\"elementor-heading-title elementor-size-default\"><span class=\"resaltadoHeader\"> \u00e9tica y cumplimientos <\/span> <\/h2>\t\t\t\t<\/div>\n\t\t\t\t<\/div>\n\t\t\t\t\t<\/div>\n\t\t<\/div>\n\t\t\t\t\t<\/div>\n\t\t<\/section>\n\t\t\t\t<section class=\"elementor-section elementor-top-section elementor-element elementor-element-a41219a elementor-section-boxed elementor-section-height-default elementor-section-height-default\" data-id=\"a41219a\" data-element_type=\"section\" data-e-type=\"section\">\n\t\t\t\t\t\t<div class=\"elementor-container elementor-column-gap-default\">\n\t\t\t\t\t<div class=\"elementor-column elementor-col-100 elementor-top-column elementor-element elementor-element-75fc399\" data-id=\"75fc399\" data-element_type=\"column\" data-e-type=\"column\">\n\t\t\t<div class=\"elementor-widget-wrap elementor-element-populated\">\n\t\t\t\t\t\t<div class=\"elementor-element elementor-element-d0ef208 elementor-widget elementor-widget-heading\" data-id=\"d0ef208\" data-element_type=\"widget\" data-e-type=\"widget\" data-widget_type=\"heading.default\">\n\t\t\t\t<div class=\"elementor-widget-container\">\n\t\t\t\t\t<h2 class=\"elementor-heading-title elementor-size-default\"><span class=\"resaltado\">POL\u00cdTICAS<\/span> EMPRESARIALES<\/h2>\t\t\t\t<\/div>\n\t\t\t\t<\/div>\n\t\t\t\t<section class=\"elementor-section elementor-inner-section elementor-element elementor-element-009f4a6 elementor-reverse-tablet elementor-reverse-mobile elementor-hidden-desktop elementor-hidden-tablet elementor-hidden-mobile elementor-section-boxed elementor-section-height-default elementor-section-height-default\" data-id=\"009f4a6\" data-element_type=\"section\" data-e-type=\"section\">\n\t\t\t\t\t\t<div class=\"elementor-container elementor-column-gap-default\">\n\t\t\t\t\t<div class=\"elementor-column elementor-col-50 elementor-inner-column elementor-element elementor-element-fd53be5\" data-id=\"fd53be5\" data-element_type=\"column\" data-e-type=\"column\">\n\t\t\t<div class=\"elementor-widget-wrap elementor-element-populated\">\n\t\t\t\t\t\t<div class=\"elementor-element elementor-element-3e7e658 elementor-widget elementor-widget-heading\" data-id=\"3e7e658\" data-element_type=\"widget\" data-e-type=\"widget\" data-widget_type=\"heading.default\">\n\t\t\t\t<div class=\"elementor-widget-container\">\n\t\t\t\t\t<h3 class=\"elementor-heading-title elementor-size-default translation-block\"><a href=\"#COMPRAS\" target=\"_self\">POL\u00cdTICA DE <span class=\"resaltado\"> COMPRAS SOSTENIBLES<\/span><\/a><\/h3>\t\t\t\t<\/div>\n\t\t\t\t<\/div>\n\t\t\t\t\t<\/div>\n\t\t<\/div>\n\t\t\t\t<div class=\"elementor-column elementor-col-50 elementor-inner-column elementor-element elementor-element-008e461\" data-id=\"008e461\" data-element_type=\"column\" data-e-type=\"column\">\n\t\t\t<div class=\"elementor-widget-wrap elementor-element-populated\">\n\t\t\t\t\t\t<div class=\"elementor-element elementor-element-d7bfef0 elementor-widget elementor-widget-heading\" data-id=\"d7bfef0\" data-element_type=\"widget\" data-e-type=\"widget\" data-widget_type=\"heading.default\">\n\t\t\t\t<div class=\"elementor-widget-container\">\n\t\t\t\t\t<h3 class=\"elementor-heading-title elementor-size-default translation-block\"><a href=\"#PROVEEDORES\" target=\"_self\">POL\u00cdTICA DE <span class=\"resaltado\"> COMPRAS Y SELECCI\u00d3N DE PROVEEDORES<\/span><\/a><\/h3>\t\t\t\t<\/div>\n\t\t\t\t<\/div>\n\t\t\t\t\t<\/div>\n\t\t<\/div>\n\t\t\t\t\t<\/div>\n\t\t<\/section>\n\t\t\t\t<section class=\"elementor-section elementor-inner-section elementor-element elementor-element-688741e elementor-section-boxed elementor-section-height-default elementor-section-height-default\" data-id=\"688741e\" data-element_type=\"section\" data-e-type=\"section\">\n\t\t\t\t\t\t<div class=\"elementor-container elementor-column-gap-default\">\n\t\t\t\t\t<div class=\"elementor-column elementor-col-50 elementor-inner-column elementor-element elementor-element-869e448\" data-id=\"869e448\" data-element_type=\"column\" data-e-type=\"column\">\n\t\t\t<div class=\"elementor-widget-wrap elementor-element-populated\">\n\t\t\t\t\t\t<div class=\"elementor-element elementor-element-599a036 elementor-widget elementor-widget-heading\" data-id=\"599a036\" data-element_type=\"widget\" data-e-type=\"widget\" data-widget_type=\"heading.default\">\n\t\t\t\t<div class=\"elementor-widget-container\">\n\t\t\t\t\t<h3 class=\"elementor-heading-title elementor-size-default translation-block\"><a href=\"#DENUNCIAS\" target=\"_self\">POL\u00cdTICA DE <span class=\"resaltado\"> GESTI\u00d3N DEL CANAL DE DENUNCIAS\u200b<\/span><\/a><\/h3>\t\t\t\t<\/div>\n\t\t\t\t<\/div>\n\t\t\t\t\t<\/div>\n\t\t<\/div>\n\t\t\t\t<div class=\"elementor-column elementor-col-50 elementor-inner-column elementor-element elementor-element-13f91d9\" data-id=\"13f91d9\" data-element_type=\"column\" data-e-type=\"column\">\n\t\t\t<div class=\"elementor-widget-wrap elementor-element-populated\">\n\t\t\t\t\t\t<div class=\"elementor-element elementor-element-64836c5 elementor-widget elementor-widget-heading\" data-id=\"64836c5\" data-element_type=\"widget\" data-e-type=\"widget\" data-widget_type=\"heading.default\">\n\t\t\t\t<div class=\"elementor-widget-container\">\n\t\t\t\t\t<h3 class=\"elementor-heading-title elementor-size-default translation-block\"><a href=\"#EMPRESARIAL\" target=\"_self\">POL\u00cdTICAS DE <span class=\"resaltado\"> \u00c9TICA EMPRESARIAL Y ANTICORRUPCI\u00d3N<\/span><\/a><\/h3>\t\t\t\t<\/div>\n\t\t\t\t<\/div>\n\t\t\t\t\t<\/div>\n\t\t<\/div>\n\t\t\t\t\t<\/div>\n\t\t<\/section>\n\t\t\t\t<section class=\"elementor-section elementor-inner-section elementor-element elementor-element-74574a7 elementor-section-boxed elementor-section-height-default elementor-section-height-default\" data-id=\"74574a7\" data-element_type=\"section\" data-e-type=\"section\">\n\t\t\t\t\t\t<div class=\"elementor-container elementor-column-gap-default\">\n\t\t\t\t\t<div class=\"elementor-column elementor-col-50 elementor-inner-column elementor-element elementor-element-2ceb2d8\" data-id=\"2ceb2d8\" data-element_type=\"column\" data-e-type=\"column\">\n\t\t\t<div class=\"elementor-widget-wrap elementor-element-populated\">\n\t\t\t\t\t\t<div class=\"elementor-element elementor-element-cd2215e elementor-widget elementor-widget-heading\" data-id=\"cd2215e\" data-element_type=\"widget\" data-e-type=\"widget\" data-widget_type=\"heading.default\">\n\t\t\t\t<div class=\"elementor-widget-container\">\n\t\t\t\t\t<h3 class=\"elementor-heading-title elementor-size-default translation-block\"><a href=\"#IGUALDAD\" target=\"_self\">POL\u00cdTICA DE <span class=\"resaltado\"> DIVERSIDAD, IGUALDAD E INCLUSI\u00d3N <\/span><\/a><\/h3>\t\t\t\t<\/div>\n\t\t\t\t<\/div>\n\t\t\t\t\t<\/div>\n\t\t<\/div>\n\t\t\t\t<div class=\"elementor-column elementor-col-50 elementor-inner-column elementor-element elementor-element-911642d\" data-id=\"911642d\" data-element_type=\"column\" data-e-type=\"column\">\n\t\t\t<div class=\"elementor-widget-wrap elementor-element-populated\">\n\t\t\t\t\t\t<div class=\"elementor-element elementor-element-a81fdfd elementor-widget elementor-widget-heading\" data-id=\"a81fdfd\" data-element_type=\"widget\" data-e-type=\"widget\" data-widget_type=\"heading.default\">\n\t\t\t\t<div class=\"elementor-widget-container\">\n\t\t\t\t\t<h3 class=\"elementor-heading-title elementor-size-default translation-block\"><a href=\"#MEDIOAMBIENTAL\" target=\"_self\">POL\u00cdTICA<span class=\"resaltado\"> MEDIOAMBIENTAL<\/span><\/a><\/h3>\t\t\t\t<\/div>\n\t\t\t\t<\/div>\n\t\t\t\t\t<\/div>\n\t\t<\/div>\n\t\t\t\t\t<\/div>\n\t\t<\/section>\n\t\t\t\t\t<\/div>\n\t\t<\/div>\n\t\t\t\t\t<\/div>\n\t\t<\/section>\n\t\t\t\t<section class=\"elementor-section elementor-top-section elementor-element elementor-element-5719059 elementor-section-boxed elementor-section-height-default elementor-section-height-default\" data-id=\"5719059\" data-element_type=\"section\" data-e-type=\"section\">\n\t\t\t\t\t\t<div class=\"elementor-container elementor-column-gap-default\">\n\t\t\t\t\t<div class=\"elementor-column elementor-col-100 elementor-top-column elementor-element elementor-element-33ffc8b elementor-hidden-desktop elementor-hidden-tablet elementor-hidden-mobile\" data-id=\"33ffc8b\" data-element_type=\"column\" data-e-type=\"column\">\n\t\t\t<div class=\"elementor-widget-wrap elementor-element-populated\">\n\t\t\t\t\t\t<div class=\"elementor-element elementor-element-d63dc58 elementor-widget elementor-widget-heading\" data-id=\"d63dc58\" data-element_type=\"widget\" data-e-type=\"widget\" id=\"COMPRAS\" data-widget_type=\"heading.default\">\n\t\t\t\t<div class=\"elementor-widget-container\">\n\t\t\t\t\t<h2 class=\"elementor-heading-title elementor-size-default translation-block\"><a href=\"#COMPRAS\" target=\"_self\">POL\u00cdTICA DE <span class=\"resaltado\"> COMPRAS SOSTENIBLES<\/span><\/a><\/h2>\t\t\t\t<\/div>\n\t\t\t\t<\/div>\n\t\t\t\t<div class=\"elementor-element elementor-element-c0bcd9f elementor-widget elementor-widget-text-editor\" data-id=\"c0bcd9f\" data-element_type=\"widget\" data-e-type=\"widget\" data-widget_type=\"text-editor.default\">\n\t\t\t\t<div class=\"elementor-widget-container\">\n\t\t\t\t\t\t\t\t\t<p>En PRIMER IMPACTO S.L reconocemos nuestra responsabilidad hac\u00eda el medioambiente y la sociedad. Por ello, entre otras medidas, queremos contribuir en la construcci\u00f3n de un futuro m\u00e1s sostenible mediante la pr\u00e1ctica de compras \u00e9ticas y responsables.<\/p><p><strong>Objetivo<\/strong><\/p><p>Esta pol\u00edtica tiene como objetivo establecer las pautas que definan el comportamiento de nuestra compa\u00f1\u00eda, de acuerdo con nuestro compromiso de llevar a cabo pr\u00e1cticas que minimicen el impacto ambiental, que promuevan la equidad y apoyen a proveedores \u00e9ticos.<\/p><p><strong>Alcance<\/strong><\/p><p>Aplica a las personas encargadas de las compras y responsables de contrataciones de aquellos bienes y servicios relacionados con Primer Impacto.<\/p><p><strong>Nuestro compromiso:<\/strong><\/p><p>\u2022 Compromiso con la Sostenibilidad: Integraremos la sostenibilidad en las etapas de nuestro proceso de compra y fomentaremos una cultura de responsabilidad ambiental y social en toda la organizaci\u00f3n.<\/p><p>\u2022 Productos y materiales sostenibles: En la medida de lo posible, daremos prioridad a la adquisici\u00f3n de productos sostenibles, reciclables, reutilizables y que tengan un menor impacto ambiental en su ciclo de vida.<\/p><p>\u2022 Alternativas sostenibles: Buscaremos alternativas sostenibles en todas las categor\u00edas de compra. Apoyaremos la innovaci\u00f3n y la investigaci\u00f3n para identificar productos y tecnolog\u00edas que reduzcan nuestro impacto ambiental.<\/p><p>\u2022 Selecci\u00f3n responsable de proveedores: Seleccionaremos proveedores no solo en funci\u00f3n de sus productos y precios sino tambi\u00e9n en base a sus valores y pr\u00e1cticas sostenibles.<\/p><p>\u2022 Apoyo local: Siempre que sea posible fomentaremos la adquisici\u00f3n de bienes y servicios a proveedores locales para contribuir al crecimiento de nuestras comunidades y reducir la huella de carbono asociada al transporte.<\/p><p>\u2022 Transparencia y Responsabilidad: Si es necesario, solicitaremos a nuestros proveedores que nos proporcionen informaci\u00f3n transparente sobre el origen del producto o detalles de la prestaci\u00f3n del servicio.<\/p><p>\u2022 Comunicaci\u00f3n: Capacitaremos a los responsables sobre la importancia de la compra sostenible y proporcionaremos orientaci\u00f3n para implementar practicas responsables en sus roles.<\/p><p>\u2022 Seguimiento y Mejora Continua: Estableceremos objetivos medibles para evaluar nuestro progreso en la implementaci\u00f3n de esta pol\u00edtica.<\/p><p><strong>Aprobaci\u00f3n y vigencia<\/strong><\/p><p>La siguiente Pol\u00edtica ha sido aprobada por Luis Mestre Llad\u00f3 el 19\/02\/2024 y entrar\u00e1 en vigor y estar\u00e1 vigente desde del d\u00eda siguiente de su comunicaci\u00f3n o difusi\u00f3n. Se realizar\u00e1n revisiones cuando sea necesario para cumplir con cambios en las leyes y para asegurar su relevancia y eficacia.<\/p>\t\t\t\t\t\t\t\t<\/div>\n\t\t\t\t<\/div>\n\t\t\t\t\t<\/div>\n\t\t<\/div>\n\t\t\t\t\t<\/div>\n\t\t<\/section>\n\t\t\t\t<section class=\"elementor-section elementor-top-section elementor-element elementor-element-d0b9b80 elementor-section-boxed elementor-section-height-default elementor-section-height-default\" data-id=\"d0b9b80\" data-element_type=\"section\" data-e-type=\"section\">\n\t\t\t\t\t\t<div class=\"elementor-container elementor-column-gap-default\">\n\t\t\t\t\t<div class=\"elementor-column elementor-col-100 elementor-top-column elementor-element elementor-element-fb0e734 elementor-hidden-desktop elementor-hidden-tablet elementor-hidden-mobile\" data-id=\"fb0e734\" data-element_type=\"column\" data-e-type=\"column\">\n\t\t\t<div class=\"elementor-widget-wrap elementor-element-populated\">\n\t\t\t\t\t\t<div class=\"elementor-element elementor-element-cef189c elementor-widget elementor-widget-heading\" data-id=\"cef189c\" data-element_type=\"widget\" data-e-type=\"widget\" id=\"PROVEEDORES\" data-widget_type=\"heading.default\">\n\t\t\t\t<div class=\"elementor-widget-container\">\n\t\t\t\t\t<h2 class=\"elementor-heading-title elementor-size-default\">POL\u00cdTICAS DE COMPRAS Y SELECCI\u00d3N DE PROVEEDORES<\/h2>\t\t\t\t<\/div>\n\t\t\t\t<\/div>\n\t\t\t\t<div class=\"elementor-element elementor-element-93b52dd elementor-widget elementor-widget-text-editor\" data-id=\"93b52dd\" data-element_type=\"widget\" data-e-type=\"widget\" data-widget_type=\"text-editor.default\">\n\t\t\t\t<div class=\"elementor-widget-container\">\n\t\t\t\t\t\t\t\t\t<p>Cumplir con las expectativas de nuestros clientes es un reto constante que requiere un compromiso con la mejora continua. Por esta raz\u00f3n, es fundamental contar con criterios de compra bien definidos y colaborar con proveedores de confianza que aseguren el cumplimiento de todas nuestras necesidades.<\/p><p><strong>Objetivo<\/strong><\/p><p>Establecer una gu\u00eda para la adquisici\u00f3n de bienes y servicios, que incluya procedimientos para la selecci\u00f3n de proveedores y procesos de compra, teniendo en cuenta los valores y principios de la compa\u00f1\u00eda.<\/p><p><strong>Alcance<\/strong><\/p><p>Esta pol\u00edtica se aplica a los responsables de compras y contrataci\u00f3n de servicios de la compa\u00f1\u00eda.<\/p><p><strong>Principios<\/strong><\/p><p>\u2022 Compromiso con la compra responsable: Siempre que sea posible priorizaremos el respeto al medioambiente y a la sociedad en nuestras decisiones de compra. Detalles en nuestra Pol\u00edtica de compras sostenibles (link)<\/p><p>\u2022 Transparencia y Objetividad en los procesos de compra: El proceso de compra debe garantizar absoluta transparencia y objetividad en la toma de decisiones.<\/p><p>\u2022 Igualdad de oportunidades a los Proveedores: Todos los proveedores tienen igualdad de oportunidades en los procesos de compra, sin influencias personales o beneficios.<\/p><p>\u2022 Prohibici\u00f3n Absoluta de Regalos: Los empleados no deben aceptar regalos, obsequios, gratificaciones o cualquier forma de beneficio personal de los proveedores, ya sea en forma de bienes materiales, servicios, entretenimiento, viajes, dinero u otros tipos de incentivos, que pueda influir en el proceso de toma de decisiones. Para evitar errores de interpretaci\u00f3n, cualquier regalo, entretenimiento o acto de hospitalidad con un valor mayor de 50 euros deber\u00e1 ser comunicado a su m\u00e1ximo responsable y escalarlo a direcci\u00f3n en caso de duda.<\/p><p>Formalidad en las relaciones con proveedores: Todas las relaciones comerciales con proveedores deben ser formales y documentadas por escrito.<\/p><p>Oportunidad de los pagos: Se debe pagar a los proveedores de acuerdo con las condiciones pactadas en los respectivos contratos, sin distinci\u00f3n de proveedor, para agilizar y priorizar el proceso.<\/p><p>Base de proveedores: Mantenemos una cantidad \u00f3ptima de proveedores para garantizar la competitividad y diversificaci\u00f3n del riesgo.<\/p><p><strong>Proceso b\u00fasqueda de proveedores<\/strong><\/p><p>1. Identificamos la necesidad.<\/p><p>2. Lista posibles proveedores (para grandes compras de m\u00e1s de 5.000 euros, m\u00ednimo 3).<\/p><p>3. Determinamos criterios de selecci\u00f3n como reputaci\u00f3n, calidad de producto\/ servicio, precios, garant\u00eda, servicio posventa, principios \u00e9ticos.<\/p><p>4. En todo caso se informar\u00e1 de cualquier proceso de compras al departamento de administraci\u00f3n, ya sea para informar del proceso como para revisar si disponemos de alg\u00fan proveedor que ya cubra nuestras necesidades.<\/p><p>5. Solicitamos presupuesto a los proveedores seleccionados.<\/p><p><strong>Evaluaci\u00f3n y Elecci\u00f3n de proveedores<\/strong><\/p><p>6. Elaboramos un cuadro comparativo para poder evaluar las ofertas, de manera cualitativa y cuantitativa.<\/p><p>7. Comunicamos a los no seleccionados de manera clara y transparente los motivos del descarte.<\/p><p>8. Informamos la decisi\u00f3n definitiva al proveedor seleccionado.<\/p><p>9. Negociaci\u00f3n de condiciones.<\/p><p>10. Formalizaci\u00f3n de contrato y acuerdos.<\/p><p><strong>Revisi\u00f3n Contratos<\/strong><\/p><p>11. Todos los contratos son revisados por el responsable de la compra y el firmante o quien este designe.<\/p><p>12. Verificamos con nuestro proveedor de LOPD, conformidad con la ley y cl\u00e1usulas de protecci\u00f3n de datos.<\/p><p>13. Aseguramos que el proveedor cumple con las obligaciones ante las administraciones p\u00fablicas, solicitando un certificado de estar al corriente de pago de la seguridad social y la agencia tributaria.<\/p><p><strong>Aprobaci\u00f3n y vigencia<\/strong><\/p><p>La siguiente pol\u00edtica ha sido aprobada por Luis Mestre Llad\u00f3 el 19\/02\/2024 y entrar\u00e1 en vigor y estar\u00e1 vigente desde del d\u00eda siguiente de su comunicaci\u00f3n o difusi\u00f3n. Se realizar\u00e1n revisiones cuando sea necesario para cumplir con cambios en las leyes y para asegurar su relevancia y eficacia.<\/p>\t\t\t\t\t\t\t\t<\/div>\n\t\t\t\t<\/div>\n\t\t\t\t\t<\/div>\n\t\t<\/div>\n\t\t\t\t\t<\/div>\n\t\t<\/section>\n\t\t\t\t<section class=\"elementor-section elementor-top-section elementor-element elementor-element-56aebab elementor-section-boxed elementor-section-height-default elementor-section-height-default\" data-id=\"56aebab\" data-element_type=\"section\" data-e-type=\"section\">\n\t\t\t\t\t\t<div class=\"elementor-container elementor-column-gap-default\">\n\t\t\t\t\t<div class=\"elementor-column elementor-col-100 elementor-top-column elementor-element elementor-element-bfa3f1d\" data-id=\"bfa3f1d\" data-element_type=\"column\" data-e-type=\"column\">\n\t\t\t<div class=\"elementor-widget-wrap elementor-element-populated\">\n\t\t\t\t\t\t<div class=\"elementor-element elementor-element-96c764f elementor-widget elementor-widget-heading\" data-id=\"96c764f\" data-element_type=\"widget\" data-e-type=\"widget\" id=\"DENUNCIAS\" data-widget_type=\"heading.default\">\n\t\t\t\t<div class=\"elementor-widget-container\">\n\t\t\t\t\t<h2 class=\"elementor-heading-title elementor-size-default\">POL\u00cdTICA DE GESTI\u00d3N DEL CANAL DE DENUNCIAS<\/h2>\t\t\t\t<\/div>\n\t\t\t\t<\/div>\n\t\t\t\t\t<\/div>\n\t\t<\/div>\n\t\t\t\t\t<\/div>\n\t\t<\/section>\n\t\t\t\t<section class=\"elementor-section elementor-top-section elementor-element elementor-element-bce75d6 elementor-section-boxed elementor-section-height-default elementor-section-height-default\" data-id=\"bce75d6\" data-element_type=\"section\" data-e-type=\"section\">\n\t\t\t\t\t\t<div class=\"elementor-container elementor-column-gap-default\">\n\t\t\t\t\t<div class=\"elementor-column elementor-col-100 elementor-top-column elementor-element elementor-element-4e167f4\" data-id=\"4e167f4\" data-element_type=\"column\" data-e-type=\"column\">\n\t\t\t<div class=\"elementor-widget-wrap elementor-element-populated\">\n\t\t\t\t\t\t<div class=\"elementor-element elementor-element-63c5492 elementor-widget elementor-widget-text-editor\" data-id=\"63c5492\" data-element_type=\"widget\" data-e-type=\"widget\" data-widget_type=\"text-editor.default\">\n\t\t\t\t<div class=\"elementor-widget-container\">\n\t\t\t\t\t\t\t\t\t<p>Por nuestro compromiso con la transparencia y el respeto a los valores corporativos hemos implementado un Canal de denuncias con el prop\u00f3sito de proporcionar un medio seguro y confidencial para informar sobre cualquier conducta inapropiada.<\/p><p><strong>\u00c1mbito de aplicaci\u00f3n<\/strong><\/p><p>Esta pol\u00edtica establece las pautas y procedimientos para la presentaci\u00f3n de denuncias dentro de nuestra organizaci\u00f3n, y est\u00e1 dirigida a empleados, proveedores, clientes y otras partes interesadas. Es una v\u00eda segura para comunicar posibles conductas indebidas sin temor a represalias.<\/p><p><strong>Principios generales<\/strong><\/p><p>\u2022 Accesibilidad: Garantizamos un f\u00e1cil acceso para todas las personas, independiente de la relaci\u00f3n con la Primer Impacto.<\/p><p>\u2022 Transparencia: Aseguramos un proceso de denuncias transparente, permitiendo a los interesados comprender como se manejan y resuelven las denuncias.<\/p><p>\u2022 Buena fe: Esperamos que las denuncias se realicen de manera honesta, sin intenciones maliciosas ni motivaciones ocultas, contribuyendo as\u00ed a la credibilidad y eficacia del proceso.<\/p><p>\u2022 Confidencialidad: Solo las personas autorizadas, Directores de RRHH y Administraci\u00f3n Finanzas, tendr\u00e1n acceso a los detalles, manteniendo la privacidad del denunciante y otros involucrados.<\/p><p>\u2022 Objetividad: Todas las denuncias se investigar\u00e1n de manera imparcial y objetiva.<\/p><p>\u2022 Conflicto de intereses: Se proh\u00edbe la participaci\u00f3n en la evaluaci\u00f3n de denuncia a aquellos que puedan tener inter\u00e9s personal con los casos en cuesti\u00f3n.<\/p><p>\u2022 Prohibici\u00f3n de represalias: Se proh\u00edben estrictamente las represalias contra cualquier individuo que presente una denuncia de buena fe.<\/p><p>\u2022 Derecho de defensa: Aseguramos a los denunciados este derecho para poder dar su versi\u00f3n de los hechos y defenderse de manera adecuada.<\/p><p><strong>Procedimiento de denuncia<\/strong><\/p><p>1. Acceso al canal y registro: se podr\u00e1 realizar desde cualquier dispositivo a trav\u00e9s de las siguientes v\u00edas:<\/p><p>La p\u00e1gina web de Primer Impacto <a href=\"https:\/\/primerimpacto.crecepersonas.es\/canal-denuncias\/index\" target=\"_blank\" rel=\"noopener\"><span style=\"color: #339966;\"><span style=\"text-decoration: underline; color: #ff0000;\">Accede<\/span><\/span><\/a><\/p><p>Una vez presentada el denunciante recibir\u00e1 un c\u00f3digo de seguimiento, que deber\u00e1 guardar ya que ser\u00e1 es la \u00fanica forma de poder acceder al seguimiento de esta.<\/p><p>2. Recepci\u00f3n y revisi\u00f3n: los responsables iniciar\u00e1n el proceso de revisi\u00f3n una vez recibida la denuncia.<\/p><p>3. Investigaci\u00f3n: Se examinar\u00e1 la denuncia de manera exhaustiva y objetiva, y en caso de ser necesario, se designar\u00e1 una parte no interesada e independiente a la investigaci\u00f3n.<\/p><p>4. Finalizaci\u00f3n: Una vez resuelto, en la medida en que la ley lo permita, los resultados de la investigaci\u00f3n y las acciones a tomar, se comunicar\u00e1n a las partes pertinentes.<\/p><p>La denuncia ser\u00e1 completamente an\u00f3nima y confidencial y no estar\u00e1 vinculada a ning\u00fan tipo de dato personal tuyo, en virtud de la \u00abLey 2\/2023, de 20 de febrero, reguladora de la protecci\u00f3n de las personas que informen sobre infracciones normativas y de lucha contra la corrupci\u00f3n.<\/p><p><strong>Medida de protecci\u00f3n a los denunciantes<\/strong><\/p><p>Los denunciantes que act\u00faen de buena fe estar\u00e1n protegidos contra represalias. La identidad del denunciante se mantendr\u00e1 confidencial en la medida en que lo permita la ley y sea compatible con la investigaci\u00f3n.<\/p><p><strong>Medidas de protecci\u00f3n a los denunciados y afectados por la denuncia<\/strong><\/p><p>Durante el proceso de investigaci\u00f3n se garantizan los derechos fundamentales tanto a los denunciados como a los afectados. Se tomar\u00e1n medidas para preservar su reputaci\u00f3n hasta que se demuestre su culpabilidad, si es que procede.<\/p><p><strong>Revisi\u00f3n de la pol\u00edtica y el procedimiento<\/strong><\/p><p>La pol\u00edtica y el procedimiento se revisar\u00e1n peri\u00f3dicamente para garantizar su efectividad y relevancia. Las actualizaciones se comunicar\u00e1n a todas las partes interesadas de la organizaci\u00f3n.<\/p><p><strong>Protecci\u00f3n de datos personales<\/strong><\/p><p>La finalidad del tratamiento es gestionar y dar respuesta a la denuncia o incidencias recibidas, que incluir\u00e1 la investigaci\u00f3n, seguimiento y resoluci\u00f3n de esta, de acuerdo con las leyes y regulaciones laborales aplicables.<\/p><p>\u00a0<\/p>\t\t\t\t\t\t\t\t<\/div>\n\t\t\t\t<\/div>\n\t\t\t\t\t<\/div>\n\t\t<\/div>\n\t\t\t\t\t<\/div>\n\t\t<\/section>\n\t\t\t\t<section class=\"elementor-section elementor-top-section elementor-element elementor-element-0c8a9d8 elementor-section-boxed elementor-section-height-default elementor-section-height-default\" data-id=\"0c8a9d8\" data-element_type=\"section\" data-e-type=\"section\">\n\t\t\t\t\t\t<div class=\"elementor-container elementor-column-gap-default\">\n\t\t\t\t\t<div class=\"elementor-column elementor-col-100 elementor-top-column elementor-element elementor-element-17de7e6\" data-id=\"17de7e6\" data-element_type=\"column\" data-e-type=\"column\">\n\t\t\t<div class=\"elementor-widget-wrap elementor-element-populated\">\n\t\t\t\t\t\t<div class=\"elementor-element elementor-element-5c0fe48 elementor-widget elementor-widget-heading\" data-id=\"5c0fe48\" data-element_type=\"widget\" data-e-type=\"widget\" id=\"IGUALDAD\" data-widget_type=\"heading.default\">\n\t\t\t\t<div class=\"elementor-widget-container\">\n\t\t\t\t\t<h2 class=\"elementor-heading-title elementor-size-default translation-block\"><a href=\"#IGUALDAD\" target=\"_self\">POL\u00cdTICA DE <span class=\"resaltado\"> DIVERSIDAD, IGUALDAD E INCLUSI\u00d3N <\/span><\/a><\/h2>\t\t\t\t<\/div>\n\t\t\t\t<\/div>\n\t\t\t\t\t<\/div>\n\t\t<\/div>\n\t\t\t\t\t<\/div>\n\t\t<\/section>\n\t\t\t\t<section class=\"elementor-section elementor-top-section elementor-element elementor-element-c50a1cb elementor-section-boxed elementor-section-height-default elementor-section-height-default\" data-id=\"c50a1cb\" data-element_type=\"section\" data-e-type=\"section\">\n\t\t\t\t\t\t<div class=\"elementor-container elementor-column-gap-default\">\n\t\t\t\t\t<div class=\"elementor-column elementor-col-100 elementor-top-column elementor-element elementor-element-0d7111b\" data-id=\"0d7111b\" data-element_type=\"column\" data-e-type=\"column\">\n\t\t\t<div class=\"elementor-widget-wrap elementor-element-populated\">\n\t\t\t\t\t\t<div class=\"elementor-element elementor-element-eaff924 elementor-widget elementor-widget-text-editor\" data-id=\"eaff924\" data-element_type=\"widget\" data-e-type=\"widget\" data-widget_type=\"text-editor.default\">\n\t\t\t\t<div class=\"elementor-widget-container\">\n\t\t\t\t\t\t\t\t\t<p>En Primer Impacto SL, alineados con unos de nuestros valores fundamentales, el cuidado a las personas, reconocemos que la diversidad, igualdad e inclusi\u00f3n son pilares esenciales para el \u00e9xito y la sostenibilidad de nuestra empresa. Eliminamos todo tipo de barreras y prejuicios en el entorno laboral, asegurando que todas las personas tengan las mismas oportunidades para prosperar en nuestra compa\u00f1\u00eda.<\/p><p><strong style=\"color: var( --e-global-color-text ); font-family: var( --e-global-typography-text-font-family ), Sans-serif; font-size: var( --e-global-typography-text-font-size );\">Objetivo<\/strong><\/p><p><span style=\"color: var( --e-global-color-text ); font-family: var( --e-global-typography-text-font-family ), Sans-serif; font-size: var( --e-global-typography-text-font-size ); font-weight: var( --e-global-typography-text-font-weight );\">El prop\u00f3sito de esta pol\u00edtica es establecer principios que promuevan una cultura de respeto, creando un entorno laboral que valore y celebre la diversidad en todas sus formas. As\u00ed mismo, comprometernos a garantizar la igualdad de oportunidades para todas las personas y a fomentar una cultura de inclusi\u00f3n, donde cada empleado se sienta respetado y valorado.<\/span><\/p><p><strong style=\"color: var( --e-global-color-text ); font-family: var( --e-global-typography-text-font-family ), Sans-serif; font-size: var( --e-global-typography-text-font-size );\">Alcance<\/strong><\/p><p><span style=\"color: var( --e-global-color-text ); font-family: var( --e-global-typography-text-font-family ), Sans-serif; font-size: var( --e-global-typography-text-font-size ); font-weight: var( --e-global-typography-text-font-weight );\">Se aplica a todos los miembros de la empresa, independientemente de su ubicaci\u00f3n y contrato, incluyendo, pero no limitado a la contrataci\u00f3n, el desarrollo profesional, la promoci\u00f3n, la compensaci\u00f3n, la cultura organizacional y las relaciones laborales.<\/span><\/p><p><strong style=\"color: var( --e-global-color-text ); font-family: var( --e-global-typography-text-font-family ), Sans-serif; font-size: var( --e-global-typography-text-font-size );\">Compromisos<\/strong><\/p><p><span style=\"color: var( --e-global-color-text ); font-family: var( --e-global-typography-text-font-family ), Sans-serif; font-size: var( --e-global-typography-text-font-size ); font-weight: var( --e-global-typography-text-font-weight );\">\u2022 Promover la diversidad, igualdad e inclusi\u00f3n en los procesos de selecci\u00f3n, formaci\u00f3n, promoci\u00f3n y desarrollo profesional para asegurar igualdad de oportunidades y el trato justo.<\/span><\/p><p><span style=\"color: var( --e-global-color-text ); font-family: var( --e-global-typography-text-font-family ), Sans-serif; font-size: var( --e-global-typography-text-font-size ); font-weight: var( --e-global-typography-text-font-weight );\">\u2022 Ofrecer igualdad de trato, de oportunidades y beneficios, sin distinguir sexo, g\u00e9nero, etnia, orientaci\u00f3n sexual y capacidades especiales entre otros, buscando eliminar posibles desigualdades.<\/span><\/p><p><span style=\"color: var( --e-global-color-text ); font-family: var( --e-global-typography-text-font-family ), Sans-serif; font-size: var( --e-global-typography-text-font-size ); font-weight: var( --e-global-typography-text-font-weight );\">\u2022 Respetar y defender los derechos humanos de todo nuestro personal, asegurando un ambiente laboral justo, seguro y respetuoso para todos los empleados.<\/span><\/p><p><span style=\"color: var( --e-global-color-text ); font-family: var( --e-global-typography-text-font-family ), Sans-serif; font-size: var( --e-global-typography-text-font-size ); font-weight: var( --e-global-typography-text-font-weight );\">\u2022 Fomentar entornos laborales libres de discriminaci\u00f3n y acoso, rechazando cualquier forma de intolerancia basada en g\u00e9nero, edad, discapacidad, nacionalidad, cultura, raza, religi\u00f3n, pensamiento, orientaci\u00f3n sexual u otras caracter\u00edsticas personales.<\/span><\/p><p><span style=\"color: var( --e-global-color-text ); font-family: var( --e-global-typography-text-font-family ), Sans-serif; font-size: var( --e-global-typography-text-font-size ); font-weight: var( --e-global-typography-text-font-weight );\">\u2022 Utilizar un lenguaje neutro e inclusivo en las comunicaciones tanto internas como externas<\/span><\/p><p><span style=\"color: var( --e-global-color-text ); font-family: var( --e-global-typography-text-font-family ), Sans-serif; font-size: var( --e-global-typography-text-font-size ); font-weight: var( --e-global-typography-text-font-weight );\">\u2022 Fomentar la formaci\u00f3n continua y la sensibilizaci\u00f3n en diversidad e inclusi\u00f3n para todos los empleados, con el objetivo de promover una mayor comprensi\u00f3n y aceptaci\u00f3n dentro del equipo, as\u00ed como de identificar y abordar de manera proactiva cualquier comportamiento discriminatorio o excluyente.<\/span><\/p><p><span style=\"color: var( --e-global-color-text ); font-family: var( --e-global-typography-text-font-family ), Sans-serif; font-size: var( --e-global-typography-text-font-size ); font-weight: var( --e-global-typography-text-font-weight );\">\u2022 Comunicar nuestros valores de diversidad, equidad e inclusi\u00f3n a nuestros proveedores y a fomentar una colaboraci\u00f3n basada en estos principios en todas las facetas de nuestras operaciones comerciales.<\/span><\/p><p><span style=\"color: var( --e-global-color-text ); font-family: var( --e-global-typography-text-font-family ), Sans-serif; font-size: var( --e-global-typography-text-font-size ); font-weight: var( --e-global-typography-text-font-weight );\">\u2022 Promovemos la conciliaci\u00f3n de la vida personal y laboral como un pilar de nuestra cultura empresarial, reconociendo la importancia de equilibrar responsabilidades profesionales y personales para el bienestar y el \u00e9xito de nuestros colaboradores.<\/span><\/p>\t\t\t\t\t\t\t\t<\/div>\n\t\t\t\t<\/div>\n\t\t\t\t\t<\/div>\n\t\t<\/div>\n\t\t\t\t\t<\/div>\n\t\t<\/section>\n\t\t\t\t<section class=\"elementor-section elementor-top-section elementor-element elementor-element-37a52b7 elementor-section-boxed elementor-section-height-default elementor-section-height-default\" data-id=\"37a52b7\" data-element_type=\"section\" data-e-type=\"section\">\n\t\t\t\t\t\t<div class=\"elementor-container elementor-column-gap-default\">\n\t\t\t\t\t<div class=\"elementor-column elementor-col-100 elementor-top-column elementor-element elementor-element-48f82bf\" data-id=\"48f82bf\" data-element_type=\"column\" data-e-type=\"column\">\n\t\t\t<div class=\"elementor-widget-wrap elementor-element-populated\">\n\t\t\t\t\t\t<div class=\"elementor-element elementor-element-f2e1df1 elementor-widget elementor-widget-heading\" data-id=\"f2e1df1\" data-element_type=\"widget\" data-e-type=\"widget\" id=\"MEDIOAMBIENTAL\" data-widget_type=\"heading.default\">\n\t\t\t\t<div class=\"elementor-widget-container\">\n\t\t\t\t\t<h2 class=\"elementor-heading-title elementor-size-default translation-block\"><a href=\"#MEDIOAMBIENTAL\" target=\"_self\">POL\u00cdTICA<span class=\"resaltado\"> MEDIOAMBIENTAL<\/span><\/a><\/h2>\t\t\t\t<\/div>\n\t\t\t\t<\/div>\n\t\t\t\t\t<\/div>\n\t\t<\/div>\n\t\t\t\t\t<\/div>\n\t\t<\/section>\n\t\t\t\t<section class=\"elementor-section elementor-top-section elementor-element elementor-element-de66767 elementor-section-boxed elementor-section-height-default elementor-section-height-default\" data-id=\"de66767\" data-element_type=\"section\" data-e-type=\"section\">\n\t\t\t\t\t\t<div class=\"elementor-container elementor-column-gap-default\">\n\t\t\t\t\t<div class=\"elementor-column elementor-col-100 elementor-top-column elementor-element elementor-element-d858b99\" data-id=\"d858b99\" data-element_type=\"column\" data-e-type=\"column\">\n\t\t\t<div class=\"elementor-widget-wrap elementor-element-populated\">\n\t\t\t\t\t\t<div class=\"elementor-element elementor-element-80044b0 elementor-widget elementor-widget-text-editor\" data-id=\"80044b0\" data-element_type=\"widget\" data-e-type=\"widget\" data-widget_type=\"text-editor.default\">\n\t\t\t\t<div class=\"elementor-widget-container\">\n\t\t\t\t\t\t\t\t\t<p>En PRIMER IMPACTO S.L., estamos comprometidos con la protecci\u00f3n del medio ambiente y la gesti\u00f3n responsable de los recursos naturales, contribuyendo a los Objetivos de Desarrollo Sostenible (ODS), especialmente los relacionados con la acci\u00f3n clim\u00e1tica, la producci\u00f3n y consumo responsables y la vida de ecosistemas terrestres.<\/p><p><strong>\u00a01. Objetivo<\/strong><\/p><p>Minimizar nuestro impacto ambiental derivado de nuestras actividades y fomentar la concienciaci\u00f3n ambiental entre todas las personas que forman parte de la compa\u00f1\u00eda.<\/p><p>Integrar el respeto por el entorno en el desempe\u00f1o diario de nuestras operaciones y promover la mejora continua en materia ambiental.<\/p><p><strong>2. Alcance<\/strong><\/p><p>Esta pol\u00edtica aplica a todas las personas que forman parte de Primer Impacto, independientemente de su puesto de trabajo o ubicaci\u00f3n.<\/p><p><strong>3. Principios<\/strong><\/p><p>Asumimos los siguientes principios como gu\u00eda de nuestras decisiones y actuaciones en materia de protecci\u00f3n y mejora del medio ambiente:<\/p><p><strong>3.1 Cumplimiento y legalidad<\/strong><\/p><p>Cumplimos con toda la normativa ambiental aplicable y con los compromisos voluntarios que asumimos, garantizando una gesti\u00f3n responsable, transparente y coherente con las mejores pr\u00e1cticas.<\/p><p><strong>3.2 Prevenci\u00f3n y control de impactos<\/strong><\/p><p>Identificamos y gestionamos nuestros aspectos e impactos ambientales significativos con una actitud preventiva, evaluando los posibles riesgos y adoptando medidas para reducirlos o controlarlos.<\/p><p><strong>3.3 Responsabilidad ambiental<\/strong><\/p><p>Asumimos la responsabilidad de los impactos que puedan derivarse de nuestra actividad y actuamos de forma proactiva para prevenir la contaminaci\u00f3n y proteger el entorno natural.<\/p><p><strong>3.4 Uso responsable de recursos<\/strong><\/p><p>Promovemos un consumo responsable de los recursos naturales, la energ\u00eda y los materiales, priorizando la reducci\u00f3n, la reutilizaci\u00f3n y el reciclaje en nuestras operaciones.<\/p><p><strong>3.5 Gesti\u00f3n de residuos y econom\u00eda circular<\/strong><\/p><p>Garantizamos la segregaci\u00f3n, reciclaje y entrega de residuos a gestores autorizados, impulsando pr\u00e1cticas que contribuyen a la econom\u00eda circular y a la reducci\u00f3n del impacto ambiental.<\/p><p><strong>3.6 Protecci\u00f3n de la biodiversidad<\/strong><\/p><p>Contribuimos a la conservaci\u00f3n y restauraci\u00f3n de los ecosistemas mediante acciones de reforestaci\u00f3n y otras iniciativas que favorecen la biodiversidad y el equilibrio ambiental.<\/p><p><strong>3.7 Formaci\u00f3n y sensibilizaci\u00f3n ambiental<\/strong><\/p><p>Fomentamos la implicaci\u00f3n y la responsabilidad ambiental de todo el personal mediante informaci\u00f3n, comunicaci\u00f3n interna y formaci\u00f3n continua.<\/p><p><strong>3.8 Transparencia y comunicaci\u00f3n<\/strong><\/p><p>Comunicamos de manera clara, accesible y veraz nuestras acciones y resultados en materia ambiental, promoviendo la confianza y la participaci\u00f3n de las partes interesadas.<\/p><p><strong>3.9 Innovaci\u00f3n y mejora continua<\/strong><\/p><p>Buscamos soluciones innovadoras que reduzcan nuestro impacto ambiental, revisando peri\u00f3dicamente nuestros objetivos para avanzar hacia una gesti\u00f3n m\u00e1s eficiente y sostenible.<\/p><p><strong>\u00a0<\/strong><\/p><p><strong>4. Compromisos<\/strong><\/p><p>En coherencia con nuestros principios, nos comprometemos a actuar con responsabilidad, transparencia y mejora continua en todos los aspectos relacionados con la gesti\u00f3n ambiental.<\/p><p><strong>4.1 Cumplimiento y aplicaci\u00f3n de la pol\u00edtica<\/strong><\/p><p>Garantizamos el cumplimiento de la normativa ambiental vigente y de los compromisos voluntarios asumidos. Esta pol\u00edtica orienta nuestras decisiones hacia una gesti\u00f3n ambiental responsable.<\/p><p><strong>4.2 Formaci\u00f3n y sensibilizaci\u00f3n ambiental<\/strong><\/p><p>Promovemos la concienciaci\u00f3n ambiental mediante formaci\u00f3n interna y difusi\u00f3n de buenas pr\u00e1cticas sobre el uso de recursos y la protecci\u00f3n del entorno.<\/p><p><strong>4.3 Innovaci\u00f3n y sostenibilidad operativa<\/strong><\/p><p>Incorporamos tecnolog\u00edas, procesos y soluciones que favorecen la eficiencia energ\u00e9tica y reducen el impacto ambiental de nuestras operaciones.<\/p><p><strong>4.4 Medici\u00f3n y reducci\u00f3n de emisiones<\/strong><\/p><p>Medimos y verificamos anualmente nuestra huella de carbono conforme al GHG Protocol, trabajando para reducir nuestras emisiones mediante la eficiencia energ\u00e9tica, la movilidad responsable y la optimizaci\u00f3n del consumo el\u00e9ctrico en nuestras instalaciones.<\/p><p><strong>4.5 Gesti\u00f3n eficiente de los recursos <\/strong><\/p><p>Aplicamos medidas para reducir el consumo de energ\u00eda, el agua y materiales, promoviendo su uso responsable y la adopci\u00f3n de criterios de eficiencia en nuestras actividades y oficinas.<\/p><p><strong>4.6 Gesti\u00f3n responsable de residuos<\/strong><\/p><p>Gestionamos los residuos de forma responsable, asegurando su correcta separaci\u00f3n, reciclaje y entrega a gestores autorizados, incluyendo los residuos electr\u00f3nicos (RAEE).<\/p><p><strong>4.7 Protecci\u00f3n de la biodiversidad<\/strong><\/p><p>Participamos en proyectos de reforestaci\u00f3n y en iniciativas que promueven la restauraci\u00f3n de ecosistemas y la protecci\u00f3n de la biodiversidad.<\/p><p><strong>4.8 Transparencia y comunicaci\u00f3n responsable<\/strong><\/p><p>Comunicamos de forma clara y accesible nuestros avances e iniciativas ambientales a trav\u00e9s de la web corporativa y otros canales de comunicaci\u00f3n.<\/p><p><strong>\u00a05. <\/strong><strong>Contribuci\u00f3n a los Objetivos de Desarrollo Sostenible<\/strong><\/p><p>Contribuimos a los ODS 7 (Energ\u00eda asequible y no contaminante), 12 (Producci\u00f3n y consumo responsables), 13 (Acci\u00f3n por el clima) y 15 (Vida de ecosistemas terrestres).<\/p><p><strong>6. Seguimiento y mejora continua<\/strong><\/p><p>El cumplimiento y seguimiento de esta pol\u00edtica se integran en el Plan ESG, donde evaluamos anualmente los avances e indicadores asociados en materia ambiental. \u00a0La coordinaci\u00f3n y aplicaci\u00f3n de esta pol\u00edtica corresponde al responsable de RSC, con el apoyo de la Direcci\u00f3n.<\/p><p><strong>Nuestros objetivos medioambientales (Plan ESG)<\/strong><\/p><p>En el marco de nuestro Plan ESG, Primer Impacto ha definido objetivos medioambientales orientados a la reducci\u00f3n de su impacto ambiental y a la mejora continua de sus operaciones.<\/p><ul><li><strong>Clima y emisiones:<\/strong> reducci\u00f3n del <strong>35 % de la intensidad de emisiones de GEI (Alcances 1 y 2)<\/strong> para <strong>2030<\/strong>, tomando como a\u00f1o base <strong>2022<\/strong>, y mantenimiento de la neutralidad clim\u00e1tica mediante compensaci\u00f3n de emisiones.<\/li><li><strong>Eficiencia energ\u00e9tica:<\/strong> reducci\u00f3n del <strong>20 % del consumo el\u00e9ctrico<\/strong> respecto a 2024.<\/li><li><strong>Sensibilizaci\u00f3n ambiental:<\/strong> realizaci\u00f3n de al menos <strong>una campa\u00f1a anual<\/strong> y formaci\u00f3n de <strong>m\u00e1s del 80 % de la plantilla<\/strong> en materia ambiental antes de 2026.<\/li><\/ul><p>El seguimiento de estos objetivos se realiza de forma peri\u00f3dica y se integra en el Plan ESG de la compa\u00f1\u00eda<\/p><p><strong>7. Aprobaci\u00f3n y vigencia<\/strong><\/p><p>Esta pol\u00edtica ha sido modificada el 01\/11\/2025 y ha sido aprobada por Luis Mestre. Con la firma de este documento, Primer Impacto, se compromete a su aplicaci\u00f3n y solicita la colaboraci\u00f3n de todas las personas de la organizaci\u00f3n para su consecuci\u00f3n.<\/p>\t\t\t\t\t\t\t\t<\/div>\n\t\t\t\t<\/div>\n\t\t\t\t\t<\/div>\n\t\t<\/div>\n\t\t\t\t\t<\/div>\n\t\t<\/section>\n\t\t\t\t<section class=\"elementor-section elementor-top-section elementor-element elementor-element-a03b553 elementor-section-boxed elementor-section-height-default elementor-section-height-default\" data-id=\"a03b553\" data-element_type=\"section\" data-e-type=\"section\">\n\t\t\t\t\t\t<div class=\"elementor-container elementor-column-gap-default\">\n\t\t\t\t\t<div class=\"elementor-column elementor-col-100 elementor-top-column elementor-element elementor-element-9348d8d\" data-id=\"9348d8d\" data-element_type=\"column\" data-e-type=\"column\">\n\t\t\t<div class=\"elementor-widget-wrap elementor-element-populated\">\n\t\t\t\t\t\t<div class=\"elementor-element elementor-element-7c712e9 elementor-widget elementor-widget-heading\" data-id=\"7c712e9\" data-element_type=\"widget\" data-e-type=\"widget\" id=\"EMPRESARIAL\" data-widget_type=\"heading.default\">\n\t\t\t\t<div class=\"elementor-widget-container\">\n\t\t\t\t\t<h2 class=\"elementor-heading-title elementor-size-default\">POL\u00cdTICA \u00c9TICA EMPRESARIAL Y ANTICORRUPCI\u00d3N<\/h2>\t\t\t\t<\/div>\n\t\t\t\t<\/div>\n\t\t\t\t\t<\/div>\n\t\t<\/div>\n\t\t\t\t\t<\/div>\n\t\t<\/section>\n\t\t\t\t<section class=\"elementor-section elementor-top-section elementor-element elementor-element-f0deca9 elementor-section-boxed elementor-section-height-default elementor-section-height-default\" data-id=\"f0deca9\" data-element_type=\"section\" data-e-type=\"section\">\n\t\t\t\t\t\t<div class=\"elementor-container elementor-column-gap-default\">\n\t\t\t\t\t<div class=\"elementor-column elementor-col-100 elementor-top-column elementor-element elementor-element-bf34cf7\" data-id=\"bf34cf7\" data-element_type=\"column\" data-e-type=\"column\">\n\t\t\t<div class=\"elementor-widget-wrap elementor-element-populated\">\n\t\t\t\t\t\t<div class=\"elementor-element elementor-element-c1c9131 elementor-widget elementor-widget-text-editor\" data-id=\"c1c9131\" data-element_type=\"widget\" data-e-type=\"widget\" data-widget_type=\"text-editor.default\">\n\t\t\t\t<div class=\"elementor-widget-container\">\n\t\t\t\t\t\t\t\t\t<p>Esta pol\u00edtica \u00e9tica y anticorrupci\u00f3n pretende guiar y promover el comportamiento \u00e9tico de todos los empleados y partes interesadas en la empresa.<\/p><p><strong>Objetivo<\/strong><\/p><p>El prop\u00f3sito es difundir los principios \u00e9ticos de Primer Impacto SL, sirviendo como referencia esencial para nuestras acciones como empresa, as\u00ed como para nuestras actitudes hacia nuestros trabajadores, clientes y proveedores. Adem\u00e1s, buscamos fortalecer la integridad empresarial mediante medidas preventivas contra la corrupci\u00f3n y fomentar activamente una cultura \u00e9tica.<\/p><p><strong>Alcance<\/strong><\/p><p>Esta pol\u00edtica abarca a todas las personas que forman parte de Primer Impacto, independientemente de la naturaleza de su contrato, ubicaci\u00f3n geogr\u00e1fica, funciones o tareas. Todos tienen la responsabilidad de conocer, comprender y aplicar nuestros valores y principios \u00e9ticos.<\/p><p><strong>Valores<\/strong><\/p><p>Los valores fundamentales que sustentan nuestra pol\u00edtica \u00e9tica son:<\/p><p>\u2022 Ponernos en la piel del cliente, buscar sus intereses, ayud\u00e1ndole a cumplir sus objetivos a trav\u00e9s de la activaci\u00f3n de sus marcas en los puntos de venta que comercializan sus productos, cuestion\u00e1ndonos que necesitar\u00edamos en su lugar. Para ello es necesario conocer las necesidades del cliente y tener una relaci\u00f3n honesta y largoplacista.<\/p><p>\u2022 El compromiso con la fiabilidad, pilota el desarrollo y la ejecuci\u00f3n de nuestros proyectos. Para ello, nos preocupamos:<\/p><ul><li>Preparaci\u00f3n: usar nuestra experiencia para generar expectativas realistas, y hacer una planificaci\u00f3n adecuada de cada tarea.<br \/>o Seguimiento: usar mecanismos de revisi\u00f3n del resultado de nuestro trabajo, tales como control del nivel de actividad, encuestas de calidad, an\u00e1lisis y seguimiento exhaustivos de las incidencias producidas, supervisiones de campo y revisiones telem\u00e1ticas diarias de las instalaciones y de los servicios que llevamos a cabo.<\/li><li>Correcci\u00f3n: en caso de que nuestros resultados no acontezcan seg\u00fan planificado, pondremos todos los medios necesarios y razonables para subsanar las desviaciones y aprenderemos para pr\u00f3ximas ocasiones.<\/li><\/ul><p>\u2022 El cuidado por las personas. Nace del inter\u00e9s genuino por el bienestar de las personas en general y de las personas que trabajan en Primer Impacto en particular. Nuestro equipo humano es nuestro valor m\u00e1s preciado y hacer de Primer Impacto un lugar agradable en el que desarrollarnos es un objetivo en s\u00ed mismo. Para ello, debemos hacer por entender a las personas en todas sus dimensiones y dedicar esfuerzos a mejorar sus vidas y su d\u00eda a d\u00eda.<\/p><p><strong>Nuestra visi\u00f3n<\/strong><\/p><p><strong>Generar las mejores ventas para las marcas cuidando y desarrollando a las personas<\/strong><\/p><p>El enfoque central de nuestra visi\u00f3n pasa por llevar a cabo nuestra actividad profesional en consonancia con nuestra Pasi\u00f3n que es Dar confianza a las marcas, desarrollando e implementando, con calidad, estrategias en el punto de venta.<\/p><p>En Primer Impacto abogamos por ser pioneros\/as e innovadores\/as para que Los\/as clientes\/as reciban un servicio \u00fanico con un claro valor diferencial: nuestro equipo humano y nuestra tecnolog\u00eda m\u00e1s puntera.<\/p><p><strong>Principios \u00c9ticos<\/strong><\/p><p>\u2022 Integridad: Todos los miembros de Primer Impacto deben actuar con honestidad y transparencia en todas las transacciones y relaciones laborales.<\/p><p>\u2022 Respeto: Valoramos la diversidad y el respeto hacia todas las personas, independientemente de su origen \u00e9tnico, g\u00e9nero, religi\u00f3n, orientaci\u00f3n sexual o cualquier otra caracter\u00edstica personal. Fomentamos un ambiente de trabajo inclusivo y diverso.<\/p><p>\u2022 Justicia: Garantizamos la igualdad de oportunidades y trato justo para todos los empleados, clientes y proveedores independientemente de su posici\u00f3n o funci\u00f3n.<\/p><p>\u2022 Responsabilidad: Asumimos la responsabilidad de nuestras acciones y decisiones que van m\u00e1s all\u00e1 de cumplir con las leyes y regulaciones aplicables. Actuamos en el mejor inter\u00e9s de la empresa y partes interesadas, comprometi\u00e9ndonos con pr\u00e1cticas \u00e9ticas.<\/p><p>\u2022 Transparencia: Operamos de manera transparente, proporcionando informaci\u00f3n clara y veraz sobre nuestras actividades y decisiones. Fomentamos la comunicaci\u00f3n interna y externa.<\/p><p>\u2022 Cooperaci\u00f3n y mejora continua: Nuestras relaciones se basan en el trabajo en equipo, la cooperaci\u00f3n y el compa\u00f1erismo. Empoderamos a los equipos para que nos trasladen sus inquietudes y preocupaciones con el objetivo de seguir mejorando.<\/p><p>\u2022 Sostenibilidad: Consideramos el impacto ambiental, social y econ\u00f3mico de nuestras acciones y buscamos formas de mejorar.<\/p><p>\u2022 Protecci\u00f3n de la Privacidad: Gestionamos la informaci\u00f3n personal de manera \u00e9tica y responsable, cumpliendo con las leyes de privacidad aplicables. Implementamos medidas de seguridad adecuadas para resguardar la confidencialidad.<\/p><p><strong>Anticorrupci\u00f3n<\/strong><\/p><p>\u2022 Conflictos de Intereses: Los empleados deben evitar situaciones en las que sus intereses personales entren en conflicto con los intereses de la empresa. Si surge un conflicto de intereses, se debe comunicar y gestionar de manera transparente.<\/p><p>\u2022 Prohibici\u00f3n de Sobornos y D\u00e1divas: Ninguna persona de Primer Impacto podr\u00e1 ofrecer, conceder, solicitar o aceptar, directa o indirectamente, regalos o d\u00e1divas, favores o compensaciones, en met\u00e1lico o en especie, cualquiera que sea su naturaleza, que puedan influir en el proceso de toma de decisiones relacionado con el desempe\u00f1o de las funciones derivadas de su cargo.<\/p><p>\u2022 Regalos y Hospitalidad: Cualquier regalo, entretenimiento o acto de hospitalidad ofrecido o recibido debe ser de un valor razonable, transparente y estar destinado a mejorar las relaciones comerciales leg\u00edtimas. No se permiten regalos que puedan comprometer la imparcialidad o integridad de las partes involucradas. Para evitar errores de interpretaci\u00f3n, cualquier regalo, entretenimiento o acto de hospitalidad con un valor mayor de 50 euros deber\u00e1 ser comunicado a su m\u00e1ximo responsable y elevarlo a direcci\u00f3n en caso de duda.<\/p><p><strong>Denuncia de irregularidades<\/strong><\/p><p>Para promover la transparencia y la responsabilidad, Primer Impacto SL ha establecido un Canal de Denuncias confidencial y seguro, que est\u00e1 a disposici\u00f3n de todos los empleados y partes interesadas. Este canal es un medio seguro y an\u00f3nimo para informar sobre cualquier actividad fraudulenta o \u00e9tica inapropiada.<\/p><p>Est\u00e1 estrictamente prohibido participar en cualquier forma de fraude en el contexto de nuestras operaciones comerciales y actividades relacionadas con la empresa. El fraude incluye, pero no se limita a, las siguientes acciones: Falsificaci\u00f3n de documentos, corrupci\u00f3n, manipulaci\u00f3n de informaci\u00f3n, uso inapropiado de datos.<\/p><p class=\" translation-block\">Consulta nuestra <a href=\"#DENUNCIAS\" target=\"_self\"><span style=\"color: #99cc00;\"><span style=\"text-decoration: underline;\"><span style=\"color: #ff0000; text-decoration: underline;\">pol\u00edtica de denuncias.<\/span><\/span><\/span><\/a><\/p><p><strong>Consecuencias de incumplimiento \u00c9tico y Anticorrupci\u00f3n:<\/strong><\/p><p>Las consecuencias pueden incluir acciones disciplinarias, desde advertencias hasta la terminaci\u00f3n del empleo, y pueden incluir acciones legales si corresponde.<\/p><p><strong>Cumplimiento y Reporte<\/strong><\/p><p>Nos comprometemos a proporcionar capacitaci\u00f3n y recursos para garantizar que los empleados comprendan y sigan esta pol\u00edtica.<\/p><p><strong>Firma de Compromiso:<\/strong> Entiendo y acepto los principios y valores establecidos en esta Pol\u00edtica \u00c9tica y Anticorrupci\u00f3n Empresarial de Primer Impacto SL y me comprometo a cumplirla en todas mis acciones y decisiones relacionadas con la empresa.<\/p><p>Firmado por:<\/p><p><b>Luis Mestre. CEO<\/b><\/p>\t\t\t\t\t\t\t\t<\/div>\n\t\t\t\t<\/div>\n\t\t\t\t\t<\/div>\n\t\t<\/div>\n\t\t\t\t\t<\/div>\n\t\t<\/section>\n\t\t\t\t<\/div>","protected":false},"excerpt":{"rendered":"<p>\u00e9tica y cumplimientos POL\u00cdTICAS EMPRESARIALES POL\u00cdTICA DE COMPRAS SOSTENIBLES POL\u00cdTICA DE COMPRAS Y SELECCI\u00d3N DE PROVEEDORES POL\u00cdTICA DE GESTI\u00d3N DEL CANAL DE DENUNCIAS\u200b POL\u00cdTICAS DE \u00c9TICA EMPRESARIAL Y ANTICORRUPCI\u00d3N POL\u00cdTICA DE DIVERSIDAD, IGUALDAD E INCLUSI\u00d3N POL\u00cdTICA MEDIOAMBIENTAL POL\u00cdTICA DE COMPRAS SOSTENIBLES En PRIMER IMPACTO S.L reconocemos nuestra responsabilidad hac\u00eda el medioambiente y la sociedad. Por [&hellip;]<\/p>","protected":false},"author":1,"featured_media":0,"parent":0,"menu_order":0,"comment_status":"closed","ping_status":"closed","template":"elementor_header_footer","meta":{"inline_featured_image":false,"footnotes":""},"class_list":["post-7135","page","type-page","status-publish","hentry"],"yoast_head":"<!-- This site is optimized with the Yoast SEO plugin v22.9 - https:\/\/yoast.com\/wordpress\/plugins\/seo\/ -->\n<title>Pol\u00edticas de empresa - Primer impacto<\/title>\n<meta name=\"robots\" content=\"noindex, follow\" \/>\n<meta property=\"og:locale\" content=\"ca_ES\" \/>\n<meta property=\"og:type\" content=\"article\" \/>\n<meta property=\"og:title\" content=\"Pol\u00edticas de empresa - Primer impacto\" \/>\n<meta property=\"og:description\" content=\"\u00e9tica y cumplimientos POL\u00cdTICAS EMPRESARIALES POL\u00cdTICA DE COMPRAS SOSTENIBLES POL\u00cdTICA DE COMPRAS Y SELECCI\u00d3N DE PROVEEDORES POL\u00cdTICA DE GESTI\u00d3N DEL CANAL DE DENUNCIAS\u200b POL\u00cdTICAS DE \u00c9TICA EMPRESARIAL Y ANTICORRUPCI\u00d3N POL\u00cdTICA DE DIVERSIDAD, IGUALDAD E INCLUSI\u00d3N POL\u00cdTICA MEDIOAMBIENTAL POL\u00cdTICA DE COMPRAS SOSTENIBLES En PRIMER IMPACTO S.L reconocemos nuestra responsabilidad hac\u00eda el medioambiente y la sociedad. Por [&hellip;]\" \/>\n<meta property=\"og:url\" content=\"https:\/\/primer-impacto.com\/cat\/politicas-de-empresa\/\" \/>\n<meta property=\"og:site_name\" content=\"Primer impacto\" \/>\n<meta property=\"article:modified_time\" content=\"2026-01-19T01:03:31+00:00\" \/>\n<meta name=\"twitter:card\" content=\"summary_large_image\" \/>\n<meta name=\"twitter:label1\" content=\"Temps estimat de lectura\" \/>\n\t<meta name=\"twitter:data1\" content=\"18 minuts\" \/>\n<script type=\"application\/ld+json\" class=\"yoast-schema-graph\">{\"@context\":\"https:\/\/schema.org\",\"@graph\":[{\"@type\":\"WebPage\",\"@id\":\"https:\/\/primer-impacto.com\/politicas-de-empresa\/\",\"url\":\"https:\/\/primer-impacto.com\/politicas-de-empresa\/\",\"name\":\"Pol\u00edticas de empresa - Primer impacto\",\"isPartOf\":{\"@id\":\"https:\/\/primer-impacto.com\/#website\"},\"datePublished\":\"2024-05-24T10:28:53+00:00\",\"dateModified\":\"2026-01-19T01:03:31+00:00\",\"breadcrumb\":{\"@id\":\"https:\/\/primer-impacto.com\/politicas-de-empresa\/#breadcrumb\"},\"inLanguage\":\"ca\",\"potentialAction\":[{\"@type\":\"ReadAction\",\"target\":[\"https:\/\/primer-impacto.com\/politicas-de-empresa\/\"]}]},{\"@type\":\"BreadcrumbList\",\"@id\":\"https:\/\/primer-impacto.com\/politicas-de-empresa\/#breadcrumb\",\"itemListElement\":[{\"@type\":\"ListItem\",\"position\":1,\"name\":\"Portada\",\"item\":\"https:\/\/primer-impacto.com\/\"},{\"@type\":\"ListItem\",\"position\":2,\"name\":\"Pol\u00edticas de empresa\"}]},{\"@type\":\"WebSite\",\"@id\":\"https:\/\/primer-impacto.com\/#website\",\"url\":\"https:\/\/primer-impacto.com\/\",\"name\":\"Primer impacto\",\"description\":\"Especialistas en servicios en el Punto de Venta\",\"publisher\":{\"@id\":\"https:\/\/primer-impacto.com\/#organization\"},\"potentialAction\":[{\"@type\":\"SearchAction\",\"target\":{\"@type\":\"EntryPoint\",\"urlTemplate\":\"https:\/\/primer-impacto.com\/?s={search_term_string}\"},\"query-input\":\"required name=search_term_string\"}],\"inLanguage\":\"ca\"},{\"@type\":\"Organization\",\"@id\":\"https:\/\/primer-impacto.com\/#organization\",\"name\":\"Primer Impacto\",\"url\":\"https:\/\/primer-impacto.com\/\",\"logo\":{\"@type\":\"ImageObject\",\"inLanguage\":\"ca\",\"@id\":\"https:\/\/primer-impacto.com\/#\/schema\/logo\/image\/\",\"url\":\"https:\/\/primer-impacto.com\/wp-content\/uploads\/2022\/07\/logo_pi.png\",\"contentUrl\":\"https:\/\/primer-impacto.com\/wp-content\/uploads\/2022\/07\/logo_pi.png\",\"width\":377,\"height\":377,\"caption\":\"Primer Impacto\"},\"image\":{\"@id\":\"https:\/\/primer-impacto.com\/#\/schema\/logo\/image\/\"}}]}<\/script>\n<!-- \/ Yoast SEO plugin. -->","yoast_head_json":{"title":"Pol\u00edticas de empresa - Primer impacto","robots":{"index":"noindex","follow":"follow"},"og_locale":"ca_ES","og_type":"article","og_title":"Pol\u00edticas de empresa - Primer impacto","og_description":"\u00e9tica y cumplimientos POL\u00cdTICAS EMPRESARIALES POL\u00cdTICA DE COMPRAS SOSTENIBLES POL\u00cdTICA DE COMPRAS Y SELECCI\u00d3N DE PROVEEDORES POL\u00cdTICA DE GESTI\u00d3N DEL CANAL DE DENUNCIAS\u200b POL\u00cdTICAS DE \u00c9TICA EMPRESARIAL Y ANTICORRUPCI\u00d3N POL\u00cdTICA DE DIVERSIDAD, IGUALDAD E INCLUSI\u00d3N POL\u00cdTICA MEDIOAMBIENTAL POL\u00cdTICA DE COMPRAS SOSTENIBLES En PRIMER IMPACTO S.L reconocemos nuestra responsabilidad hac\u00eda el medioambiente y la sociedad. Por [&hellip;]","og_url":"https:\/\/primer-impacto.com\/cat\/politicas-de-empresa\/","og_site_name":"Primer impacto","article_modified_time":"2026-01-19T01:03:31+00:00","twitter_card":"summary_large_image","twitter_misc":{"Temps estimat de lectura":"18 minuts"},"schema":{"@context":"https:\/\/schema.org","@graph":[{"@type":"WebPage","@id":"https:\/\/primer-impacto.com\/politicas-de-empresa\/","url":"https:\/\/primer-impacto.com\/politicas-de-empresa\/","name":"Pol\u00edticas de empresa - Primer impacto","isPartOf":{"@id":"https:\/\/primer-impacto.com\/#website"},"datePublished":"2024-05-24T10:28:53+00:00","dateModified":"2026-01-19T01:03:31+00:00","breadcrumb":{"@id":"https:\/\/primer-impacto.com\/politicas-de-empresa\/#breadcrumb"},"inLanguage":"ca","potentialAction":[{"@type":"ReadAction","target":["https:\/\/primer-impacto.com\/politicas-de-empresa\/"]}]},{"@type":"BreadcrumbList","@id":"https:\/\/primer-impacto.com\/politicas-de-empresa\/#breadcrumb","itemListElement":[{"@type":"ListItem","position":1,"name":"Portada","item":"https:\/\/primer-impacto.com\/"},{"@type":"ListItem","position":2,"name":"Pol\u00edticas de empresa"}]},{"@type":"WebSite","@id":"https:\/\/primer-impacto.com\/#website","url":"https:\/\/primer-impacto.com\/","name":"Primer impacto","description":"Especialistas en servicios en el Punto de Venta","publisher":{"@id":"https:\/\/primer-impacto.com\/#organization"},"potentialAction":[{"@type":"SearchAction","target":{"@type":"EntryPoint","urlTemplate":"https:\/\/primer-impacto.com\/?s={search_term_string}"},"query-input":"required name=search_term_string"}],"inLanguage":"ca"},{"@type":"Organization","@id":"https:\/\/primer-impacto.com\/#organization","name":"Primer Impacto","url":"https:\/\/primer-impacto.com\/","logo":{"@type":"ImageObject","inLanguage":"ca","@id":"https:\/\/primer-impacto.com\/#\/schema\/logo\/image\/","url":"https:\/\/primer-impacto.com\/wp-content\/uploads\/2022\/07\/logo_pi.png","contentUrl":"https:\/\/primer-impacto.com\/wp-content\/uploads\/2022\/07\/logo_pi.png","width":377,"height":377,"caption":"Primer Impacto"},"image":{"@id":"https:\/\/primer-impacto.com\/#\/schema\/logo\/image\/"}}]}},"_links":{"self":[{"href":"https:\/\/primer-impacto.com\/cat\/wp-json\/wp\/v2\/pages\/7135","targetHints":{"allow":["GET"]}}],"collection":[{"href":"https:\/\/primer-impacto.com\/cat\/wp-json\/wp\/v2\/pages"}],"about":[{"href":"https:\/\/primer-impacto.com\/cat\/wp-json\/wp\/v2\/types\/page"}],"author":[{"embeddable":true,"href":"https:\/\/primer-impacto.com\/cat\/wp-json\/wp\/v2\/users\/1"}],"replies":[{"embeddable":true,"href":"https:\/\/primer-impacto.com\/cat\/wp-json\/wp\/v2\/comments?post=7135"}],"version-history":[{"count":136,"href":"https:\/\/primer-impacto.com\/cat\/wp-json\/wp\/v2\/pages\/7135\/revisions"}],"predecessor-version":[{"id":8209,"href":"https:\/\/primer-impacto.com\/cat\/wp-json\/wp\/v2\/pages\/7135\/revisions\/8209"}],"wp:attachment":[{"href":"https:\/\/primer-impacto.com\/cat\/wp-json\/wp\/v2\/media?parent=7135"}],"curies":[{"name":"wp","href":"https:\/\/api.w.org\/{rel}","templated":true}]}}